{"id":16893,"date":"2020-01-20T17:20:52","date_gmt":"2020-01-20T17:20:52","guid":{"rendered":"https:\/\/fotosenderismo.com\/wordpress\/?page_id=16893"},"modified":"2021-07-07T18:38:11","modified_gmt":"2021-07-07T18:38:11","slug":"aviso-legal","status":"publish","type":"page","link":"https:\/\/fotosenderismo.com\/wordpress\/index.php\/aviso-legal\/","title":{"rendered":"Aviso legal"},"content":{"rendered":"\n<p style=\"text-align: justify;\"><span style=\"font-size: 14pt; font-family: georgia, palatino, serif;\"><strong>Aviso Legal<\/strong><\/span><\/p>\n<p style=\"text-align: justify;\"><span style=\"font-size: 14pt; font-family: georgia, palatino, serif;\">Fotsenderismo.com,\u00a01 de enero de 2020<\/span><\/p>\n<p style=\"text-align: justify;\"><span style=\"font-size: 14pt; font-family: georgia, palatino, serif;\"><strong>Identificaci\u00f3n y Titularidad<\/strong><\/span><\/p>\n<p style=\"text-align: justify;\"><span style=\"font-size: 14pt; font-family: georgia, palatino, serif;\">En cumplimiento del art\u00edculo 10 de la Ley 34\/2002, de 11 de julio, de Servicios de la Sociedad de la Informaci\u00f3n y Comercio Electr\u00f3nico, el Titular expone sus datos identificativos.<\/span><\/p>\n<ul style=\"text-align: justify;\">\n<li><span style=\"font-size: 14pt; font-family: georgia, palatino, serif;\"><strong>Titular:<\/strong>\u00a0Eduardo Serra Gim\u00e9nez<\/span><\/li>\n<li><span style=\"font-size: 14pt; font-family: georgia, palatino, serif;\"><strong>Domicilio:<\/strong>\u00a0Olot, Girona &#8211; Espa\u00f1a.<\/span><\/li>\n<li><span style=\"font-size: 14pt; font-family: georgia, palatino, serif;\"><strong>Correo electr\u00f3nico:<\/strong> <a href=\"mailto:fotosenderismo.com@gmail.com\">fotosenderismo.com@gmail.com<\/a><\/span><\/li>\n<li><span style=\"font-size: 14pt; font-family: georgia, palatino, serif;\"><strong>Sitio web: <a href=\"https:\/\/fotosenderismo.com\">https:\/\/fotosenderismo.com<\/a><\/strong><\/span><\/li>\n<\/ul>\n<p style=\"text-align: justify;\"><span style=\"font-size: 14pt; font-family: georgia, palatino, serif;\"><strong>\u00a0<\/strong><strong>Finalidad<\/strong><\/span><\/p>\n<p style=\"text-align: justify;\"><span style=\"font-size: 14pt; font-family: georgia, palatino, serif;\">La finalidad del sitio Web\u00a0<a href=\"https:\/\/fotosenderismo.com\"><strong>https:\/\/<\/strong><strong>fotosenderismo<\/strong><strong>.<\/strong><strong>com<\/strong><\/a> es la de compartir tracks de GPS e informaci\u00f3n multimedia sobre excursionismo, monta\u00f1ismo, viajes, etc. No tiene finalidad comercial alguna.<\/span><\/p>\n<p style=\"text-align: justify;\"><span style=\"font-size: 14pt; font-family: georgia, palatino, serif;\"><strong>\u00a0<\/strong><strong>Condiciones de Uso<\/strong><\/span><\/p>\n<p style=\"text-align: justify;\"><span style=\"font-size: 14pt; font-family: georgia, palatino, serif;\">La utilizaci\u00f3n del sitio Web le otorga la condici\u00f3n de Usuario, e implica la aceptaci\u00f3n completa de todas las cl\u00e1usulas y condiciones de uso incluidas en las p\u00e1ginas:<\/span><\/p>\n<ul style=\"text-align: justify;\">\n<li><span style=\"font-size: 14pt; font-family: georgia, palatino, serif;\">Aviso Legal<\/span><\/li>\n<li><span style=\"font-size: 14pt; font-family: georgia, palatino, serif;\"><a href=\"https:\/\/fotosenderismo.com\/wordpress\/index.php\/politica-de-privacidad\/\" target=\"_blank\" rel=\"noopener noreferrer\">Pol\u00edtica de Privacidad<\/a><\/span><\/li>\n<li><span style=\"font-size: 14pt; font-family: georgia, palatino, serif;\"><a href=\"https:\/\/fotosenderismo.com\/wordpress\/index.php\/politica-de-cookies\/\" target=\"_blank\" rel=\"noopener noreferrer\">Pol\u00edtica de Cookies<\/a><\/span><\/li>\n<\/ul>\n<p style=\"text-align: justify;\"><span style=\"font-size: 14pt; font-family: georgia, palatino, serif;\">Si no estuviera conforme con todas y cada una de estas cl\u00e1usulas y condiciones abst\u00e9ngase de utilizar este sitio Web.<\/span><\/p>\n<p style=\"text-align: justify;\"><span style=\"font-size: 14pt; font-family: georgia, palatino, serif;\">El acceso a este sitio Web no supone, en modo alguno, el inicio de una relaci\u00f3n comercial con Eduardo Serra Gim\u00e9nez.<\/span><\/p>\n<p style=\"text-align: justify;\"><span style=\"font-size: 14pt; font-family: georgia, palatino, serif;\">A trav\u00e9s de este sitio Web, el Titular le facilita el acceso y la utilizaci\u00f3n de diversos contenidos que \u00e9l mismo o sus colaboradores hayan publicado por medio de Internet.<\/span><\/p>\n<p style=\"text-align: justify;\"><span style=\"font-size: 14pt; font-family: georgia, palatino, serif;\">A tal efecto, usted est\u00e1 obligado y comprometido a NO utilizar cualquiera de los contenidos del sitio Web con fines o efectos il\u00edcitos, prohibidos en este Aviso Legal o por la legislaci\u00f3n vigente, lesivos de los derechos e intereses de terceros o que de cualquier forma puedan da\u00f1ar, inutilizar, sobrecargar, deteriorar o impedir la normal utilizaci\u00f3n de los contenidos, los equipos inform\u00e1ticos o los documentos, archivos y toda clase de contenidos almacenados en cualquier equipo inform\u00e1tico propios o contratados por Eduardo Serra Gim\u00e9nez de otros usuarios o de cualquier usuario de Internet.<\/span><\/p>\n<p style=\"text-align: justify;\"><span style=\"font-size: 14pt; font-family: georgia, palatino, serif;\">As\u00ed, el Titular se reserva el derecho de prohibir, limitar o borrar la publicaci\u00f3n de informaci\u00f3n o comentarios lesivos de los derechos o intereses de terceros, o que, a su juicio, no resulten adecuados para la finalidad a que est\u00e1 destinado este sitio web. En consecuencia con esto \u00faltimo, tampoco admite la publicaci\u00f3n de temas no relacionados con excursionismo, monta\u00f1ismo, viajes etc.<\/span><\/p>\n<p style=\"text-align: justify;\"><span style=\"font-size: 14pt; font-family: georgia, palatino, serif;\">Eduard Serra Gim\u00e9nez no ser\u00e1 responsable de las opiniones vertidas por los usuarios a trav\u00e9s del sistema de comentarios, redes sociales u otras herramientas de participaci\u00f3n, conforme a lo previsto en la normativa de aplicaci\u00f3n.<\/span><\/p>\n<p style=\"text-align: justify;\"><span style=\"font-size: 14pt; font-family: georgia, palatino, serif;\"><strong>Medidas de seguridad<\/strong><\/span><\/p>\n<p style=\"text-align: justify;\"><span style=\"font-size: 14pt; font-family: georgia, palatino, serif;\">Los datos personales que facilite al Titular pueden ser almacenados en bases de datos automatizadas o no, cuya titularidad corresponde en exclusiva a Eduardo Serra Gim\u00e9nez, quien asume todas las medidas de \u00edndole t\u00e9cnica, organizativa y de seguridad que garantizan la confidencialidad, integridad y calidad de la informaci\u00f3n contenida en las mismas de acuerdo con lo establecido en la normativa vigente en protecci\u00f3n de datos y s\u00f3lo pedir\u00e1 los datos necesarios para las finalidades que especifique cada uno de los formularios de participaci\u00f3n.<\/span><\/p>\n<p style=\"text-align: justify;\"><span style=\"font-size: 14pt; font-family: georgia, palatino, serif;\">A pesar de todo, debe ser consciente de que las medidas de seguridad de los sistemas inform\u00e1ticos en internet no son enteramente fiables y que, por tanto, el Titular no puede garantizar la inexistencia de virus u otros elementos que puedan producir alteraciones en los sistemas inform\u00e1ticos (software y hardware) del Usuario o en sus documentos electr\u00f3nicos y ficheros contenidos en los mismos aunque el Titular pone todos los medios necesarios y toma las medidas de seguridad oportunas para evitar la presencia de estos elementos da\u00f1inos.<\/span><\/p>\n<p style=\"text-align: justify;\"><span style=\"font-size: 14pt; font-family: georgia, palatino, serif;\"><strong>Datos personales<\/strong><\/span><\/p>\n<p style=\"text-align: justify;\"><span style=\"font-size: 14pt; font-family: georgia, palatino, serif;\">Usted puede consultar toda la informaci\u00f3n relativa al tratamiento de datos personales que recoge el Titular en la p\u00e1gina de\u00a0Pol\u00edtica de Privacidad.<\/span><\/p>\n<p style=\"text-align: justify;\"><span style=\"font-size: 14pt; font-family: georgia, palatino, serif;\"><strong>\u00a0<\/strong><strong>Contenidos<\/strong><\/span><\/p>\n<p style=\"text-align: justify;\"><span style=\"font-size: 14pt; font-family: georgia, palatino, serif;\">Adem\u00e1s de los contenidos propios, el Titular ha obtenido la informaci\u00f3n, los contenidos multimedia y los materiales de terceros incluidos en el sitio Web de fuentes que considera fiables, pero, aunque ha tomado todas las medidas razonables para asegurar que la informaci\u00f3n contenida es correcta, no puede garantizar que sea exacta, completa o actualizada. Eduardo Serra Gim\u00e9nez, por ello, declina expresamente cualquier responsabilidad por error u omisi\u00f3n en la informaci\u00f3n contenida en las p\u00e1ginas de este sitio Web.<\/span><\/p>\n<p style=\"text-align: justify;\"><span style=\"font-size: 14pt; font-family: georgia, palatino, serif;\">Queda prohibido transmitir o enviar a trav\u00e9s del sitio Web cualquier contenido ilegal o il\u00edcito, virus inform\u00e1ticos o mensajes que, en general, afecten o violen derechos del Titular o de terceros.<\/span><\/p>\n<p style=\"text-align: justify;\"><span style=\"font-size: 14pt; font-family: georgia, palatino, serif;\">Los contenidos de\u00a0<a href=\"https:\/\/fotosenderismo.com\">https:\/\/fotosenderismo.com<\/a>\u00a0tienen \u00fanicamente una finalidad informativa y bajo ninguna circunstancia deben usarse ni considerarse como oferta de venta, solicitud de una oferta de compra ni recomendaci\u00f3n para realizar cualquier otra operaci\u00f3n, salvo que as\u00ed se indique expresamente.<\/span><\/p>\n<p style=\"text-align: justify;\"><span style=\"font-size: 14pt; font-family: georgia, palatino, serif;\">Eduard Serra Gim\u00e9nez se reserva el derecho a modificar, suspender, cancelar o restringir el contenido de\u00a0<a href=\"https:\/\/fotosenderismo.com\">https:\/\/fotosenderismo.com<\/a>, los v\u00ednculos o la informaci\u00f3n obtenida a trav\u00e9s del sitio Web, sin necesidad de previo aviso.<\/span><\/p>\n<p style=\"text-align: justify;\"><span style=\"font-size: 14pt; font-family: georgia, palatino, serif;\">Eduard Serra Gim\u00e9nez\u00a0no es responsable de los da\u00f1os y perjuicios que pudieran derivarse de la utilizaci\u00f3n indebida, por parte de otros usuarios, de la informaci\u00f3n del sitio Web o de la contenida en las redes sociales del Titular.<\/span><\/p>\n<p style=\"text-align: justify;\"><span style=\"font-size: 14pt; font-family: georgia, palatino, serif;\"><strong>Pol\u00edtica de cookies<\/strong><\/span><\/p>\n<p style=\"text-align: justify;\"><span style=\"font-size: 14pt; font-family: georgia, palatino, serif;\">En la p\u00e1gina\u00a0<a href=\"https:\/\/fotosenderismo.com\/wordpress\/index.php\/politica-de-cookies\/\" target=\"_blank\" rel=\"noopener noreferrer\">Pol\u00edtica de Cookies<\/a>\u00a0puede consultar toda la informaci\u00f3n relativa a la pol\u00edtica de recogida y tratamiento de las cookies.<\/span><\/p>\n<p style=\"text-align: justify;\"><span style=\"font-size: 14pt; font-family: georgia, palatino, serif;\"><strong>Enlaces a otros sitios Web<\/strong><\/span><\/p>\n<p style=\"text-align: justify;\"><span style=\"font-size: 14pt; font-family: georgia, palatino, serif;\">El Titular puede proporcionarles acceso a sitios Web de terceros mediante enlaces con la finalidad exclusiva de informar sobre la existencia de otras fuentes de informaci\u00f3n en internet en las que podr\u00e1 ampliar los datos ofrecidos en el sitio Web.<\/span><\/p>\n<p style=\"text-align: justify;\"><span style=\"font-size: 14pt; font-family: georgia, palatino, serif;\">Estos enlaces a otros sitios Web no suponen en ning\u00fan caso una sugerencia o recomendaci\u00f3n para que usted visite las p\u00e1ginas web de destino, que est\u00e1n fuera del control del Titular, por lo que Eduardo Serra Gim\u00e9nez no es responsable del contenido de los sitios web vinculados ni del resultado que obtenga al seguir los enlaces.<\/span><\/p>\n<p style=\"text-align: justify;\"><span style=\"font-size: 14pt; font-family: georgia, palatino, serif;\">Por ello, Eduardo Serra Gim\u00e9nez no se hace responde de los links o enlaces ubicados en los sitios web vinculados a los que le proporciona acceso.<\/span><\/p>\n<p style=\"text-align: justify;\"><span style=\"font-size: 14pt; font-family: georgia, palatino, serif;\">El establecimiento del enlace no implica en ning\u00fan caso la existencia de relaciones entre Eduardo Serra Gim\u00e9nez y el propietario del sitio en el que se establezca el enlace, ni la aceptaci\u00f3n o aprobaci\u00f3n por parte del Titular de sus contenidos o servicios.<\/span><\/p>\n<p style=\"text-align: justify;\"><span style=\"font-size: 14pt; font-family: georgia, palatino, serif;\">Si accede a un sitio Web externo desde un enlace que encuentre en\u00a0<a href=\"https:\/\/fotosenderismo.com\">https:\/\/fotosenderismo.com<\/a>\u00a0usted deber\u00e1 leer la pol\u00edtica de privacidad de dicho sitio Web, la cual puede ser diferente de la de fotosenderismo.com.<\/span><\/p>\n<p style=\"text-align: justify;\"><span style=\"font-size: 14pt; font-family: georgia, palatino, serif;\"><strong>\u00a0<\/strong><strong>Propiedad intelectual e industrial<\/strong><\/span><\/p>\n<p style=\"text-align: justify;\"><span style=\"font-size: 14pt; font-family: georgia, palatino, serif;\">Todos los derechos est\u00e1n reservados.<\/span><\/p>\n<p style=\"text-align: justify;\"><span style=\"font-size: 14pt; font-family: georgia, palatino, serif;\">Todo acceso a este sitio Web est\u00e1 sujeto a las siguientes condiciones: la reproducci\u00f3n, almacenaje permanente y la difusi\u00f3n de los contenidos o cualquier otro uso que tenga finalidad p\u00fablica o comercial queda expresamente prohibida sin el consentimiento previo expreso y por escrito de Eduardo Serra Gim\u00e9nez.<\/span><\/p>\n<p style=\"text-align: justify;\"><span style=\"font-size: 14pt; font-family: georgia, palatino, serif;\">Ser\u00e1n una excepci\u00f3n a esta normal general los contenidos procedentes de fuentes que permitan la difusi\u00f3n dentro de las condiciones que expresamente establezcan las mismas como la licencia <em>Creative Commons <\/em>u otras previstas por la legislaci\u00f3n vigente.<\/span><\/p>\n<p style=\"text-align: justify;\"><span style=\"font-size: 14pt; font-family: georgia, palatino, serif;\"><strong>Limitaci\u00f3n de responsabilidad<\/strong><\/span><\/p>\n<p style=\"text-align: justify;\"><span style=\"font-size: 14pt; font-family: georgia, palatino, serif;\">La informaci\u00f3n y servicios incluidos o disponibles a trav\u00e9s de este sitio Web pueden incluir incorrecciones o errores tipogr\u00e1ficos. De forma peri\u00f3dica el Titular incorpora mejoras y\/o cambios a la informaci\u00f3n contenida y\/o los Servicios que puede introducir en cualquier momento.<\/span><\/p>\n<p style=\"text-align: justify;\"><span style=\"font-size: 14pt; font-family: georgia, palatino, serif;\">El Titular no declara ni garantiza que los servicios o contenidos sean interrumpidos o que est\u00e9n libres de errores, que los defectos sean corregidos o que el servicio o el servidor que lo pone a disposici\u00f3n est\u00e9n libres de virus u otros componentes nocivos sin perjuicio de que el Titular realiza todos los esfuerzos en evitar este tipo de incidentes.<\/span><\/p>\n<p style=\"text-align: justify;\"><span style=\"font-size: 14pt; font-family: georgia, palatino, serif;\">Eduardo Serra Gim\u00e9nez declina cualquier responsabilidad en caso de que existan interrupciones o un mal funcionamiento de los servicios o contenidos ofrecidos en internet, cualquiera que sea su causa. Asimismo, el Titular no se hace responsable por ca\u00eddas de la red, p\u00e9rdidas de negocio a consecuencia de dichas ca\u00eddas, suspensiones temporales de fluido el\u00e9ctrico o cualquier otro tipo de da\u00f1o indirecto que pueda ser causado por causas ajenas a el Titular.<\/span><\/p>\n<p style=\"text-align: justify;\"><span style=\"font-size: 14pt; font-family: georgia, palatino, serif;\">Antes de tomar decisiones y\/o acciones con base a la informaci\u00f3n incluida en el sitio Web, el Titular le recomienda comprobar y contrastar la informaci\u00f3n recibida con otras fuentes.<\/span><\/p>\n<p style=\"text-align: justify;\"><span style=\"font-size: 14pt; font-family: georgia, palatino, serif;\"><strong>Derecho de exclusi\u00f3n<\/strong><\/span><\/p>\n<p style=\"text-align: justify;\"><span style=\"font-size: 14pt; font-family: georgia, palatino, serif;\">Eduardo Serra Gim\u00e9nez se reserva el derecho a denegar o retirar el acceso al sitio Web y los servicios ofrecidos sin necesidad de preaviso, a instancia propia o de un tercero, a aquellos usuarios que incumplan cualquiera de las condiciones de este Aviso Legal.<\/span><\/p>\n<p style=\"text-align: justify;\"><span style=\"font-size: 14pt; font-family: georgia, palatino, serif;\"><strong>Jurisdicci\u00f3n<\/strong><\/span><\/p>\n<p style=\"text-align: justify;\"><span style=\"font-size: 14pt; font-family: georgia, palatino, serif;\">Este Aviso Legal se rige \u00edntegramente por la legislaci\u00f3n espa\u00f1ola.<\/span><\/p>\n<p style=\"text-align: justify;\"><span style=\"font-size: 14pt; font-family: georgia, palatino, serif;\"><strong>Contacto<\/strong><\/span><\/p>\n<p style=\"text-align: justify;\"><span style=\"font-size: 14pt; font-family: georgia, palatino, serif;\">En caso de que usted tenga cualquier duda acerca de estas Condiciones legales o quiera realizar cualquier comentario sobre este sitio Web, puede enviar un mensaje de correo electr\u00f3nico a la direcci\u00f3n <a href=\"mailto:fotosenderismo.com@gmail.com\">fotosenderismo.com@gmail.com<\/a><\/span><\/p>\n<p style=\"text-align: justify;\">\u00a0<\/p>\n\n\n\n<figure class=\"wp-block-embed-wordpress wp-block-embed is-type-wp-embed is-provider-fotosenderismo-com\"><div class=\"wp-block-embed__wrapper\">\n<blockquote class=\"wp-embedded-content\" data-secret=\"YkAgN9mraq\"><a href=\"https:\/\/fotosenderismo.com\/wordpress\/index.php\/politica-de-privacidad\/\">Pol\u00edtica de Privacidad<\/a><\/blockquote><iframe loading=\"lazy\" class=\"wp-embedded-content\" sandbox=\"allow-scripts\" security=\"restricted\" style=\"position: absolute; clip: rect(1px, 1px, 1px, 1px);\" title=\"\u00abPol\u00edtica de Privacidad\u00bb \u2014 FOTOSENDERISMO.COM\" src=\"https:\/\/fotosenderismo.com\/wordpress\/index.php\/politica-de-privacidad\/embed\/#?secret=KJlPJnUuxt#?secret=YkAgN9mraq\" data-secret=\"YkAgN9mraq\" width=\"600\" height=\"338\" frameborder=\"0\" marginwidth=\"0\" marginheight=\"0\" scrolling=\"no\"><\/iframe>\n<\/div><\/figure>\n\n\n\n<figure class=\"wp-block-embed-wordpress wp-block-embed is-type-wp-embed is-provider-fotosenderismo-com\"><div class=\"wp-block-embed__wrapper\">\n<blockquote class=\"wp-embedded-content\" data-secret=\"yBzLBPqV8U\"><a href=\"https:\/\/fotosenderismo.com\/wordpress\/index.php\/politica-de-cookies\/\">Pol\u00edtica de cookies<\/a><\/blockquote><iframe loading=\"lazy\" class=\"wp-embedded-content\" sandbox=\"allow-scripts\" security=\"restricted\" style=\"position: absolute; clip: rect(1px, 1px, 1px, 1px);\" title=\"\u00abPol\u00edtica de cookies\u00bb \u2014 FOTOSENDERISMO.COM\" src=\"https:\/\/fotosenderismo.com\/wordpress\/index.php\/politica-de-cookies\/embed\/#?secret=5RVhTJy4Hw#?secret=yBzLBPqV8U\" data-secret=\"yBzLBPqV8U\" width=\"600\" height=\"338\" frameborder=\"0\" marginwidth=\"0\" marginheight=\"0\" scrolling=\"no\"><\/iframe>\n<\/div><\/figure>\n\n\n\n<figure class=\"wp-block-embed-wordpress wp-block-embed is-type-wp-embed is-provider-fotosenderismo-com\"><div class=\"wp-block-embed__wrapper\">\n<blockquote class=\"wp-embedded-content\" data-secret=\"vMI2l4KYIA\"><a href=\"https:\/\/fotosenderismo.com\/wordpress\/index.php\/mas-informacion-sobre-las-cookies\/\">M\u00e1s informaci\u00f3n sobre las cookies<\/a><\/blockquote><iframe loading=\"lazy\" class=\"wp-embedded-content\" sandbox=\"allow-scripts\" security=\"restricted\" style=\"position: absolute; clip: rect(1px, 1px, 1px, 1px);\" title=\"\u00abM\u00e1s informaci\u00f3n sobre las cookies\u00bb \u2014 FOTOSENDERISMO.COM\" src=\"https:\/\/fotosenderismo.com\/wordpress\/index.php\/mas-informacion-sobre-las-cookies\/embed\/#?secret=gdXz8CsTMv#?secret=vMI2l4KYIA\" data-secret=\"vMI2l4KYIA\" width=\"600\" height=\"338\" frameborder=\"0\" marginwidth=\"0\" marginheight=\"0\" scrolling=\"no\"><\/iframe>\n<\/div><\/figure>\n","protected":false},"excerpt":{"rendered":"<p>Aviso Legal Fotsenderismo.com,\u00a01 de enero de 2020 Identificaci\u00f3n y Titularidad En cumplimiento del art\u00edculo 10<\/p>\n","protected":false},"author":1,"featured_media":20341,"parent":0,"menu_order":0,"comment_status":"closed","ping_status":"closed","template":"","meta":{"footnotes":""},"class_list":["post-16893","page","type-page","status-publish","has-post-thumbnail","hentry"],"_links":{"self":[{"href":"https:\/\/fotosenderismo.com\/wordpress\/index.php\/wp-json\/wp\/v2\/pages\/16893","targetHints":{"allow":["GET"]}}],"collection":[{"href":"https:\/\/fotosenderismo.com\/wordpress\/index.php\/wp-json\/wp\/v2\/pages"}],"about":[{"href":"https:\/\/fotosenderismo.com\/wordpress\/index.php\/wp-json\/wp\/v2\/types\/page"}],"author":[{"embeddable":true,"href":"https:\/\/fotosenderismo.com\/wordpress\/index.php\/wp-json\/wp\/v2\/users\/1"}],"replies":[{"embeddable":true,"href":"https:\/\/fotosenderismo.com\/wordpress\/index.php\/wp-json\/wp\/v2\/comments?post=16893"}],"version-history":[{"count":7,"href":"https:\/\/fotosenderismo.com\/wordpress\/index.php\/wp-json\/wp\/v2\/pages\/16893\/revisions"}],"predecessor-version":[{"id":20343,"href":"https:\/\/fotosenderismo.com\/wordpress\/index.php\/wp-json\/wp\/v2\/pages\/16893\/revisions\/20343"}],"wp:featuredmedia":[{"embeddable":true,"href":"https:\/\/fotosenderismo.com\/wordpress\/index.php\/wp-json\/wp\/v2\/media\/20341"}],"wp:attachment":[{"href":"https:\/\/fotosenderismo.com\/wordpress\/index.php\/wp-json\/wp\/v2\/media?parent=16893"}],"curies":[{"name":"wp","href":"https:\/\/api.w.org\/{rel}","templated":true}]}}